{"id":3,"date":"2022-11-22T08:57:26","date_gmt":"2022-11-22T08:57:26","guid":{"rendered":"https:\/\/bestcover.hu\/?page_id=3"},"modified":"2023-01-25T10:38:47","modified_gmt":"2023-01-25T09:38:47","slug":"adatkezelesi-tajekoztato","status":"publish","type":"page","link":"https:\/\/bestcover.hu\/en\/adatkezelesi-tajekoztato\/","title":{"rendered":"Privacy Policy"},"content":{"rendered":"<div data-elementor-type=\"wp-page\" data-elementor-id=\"3\" class=\"elementor elementor-3\">\n\t\t\t\t\t\t\t\t\t<section class=\"elementor-section elementor-top-section elementor-element elementor-element-7db5d9b elementor-section-boxed elementor-section-height-default elementor-section-height-default\" data-id=\"7db5d9b\" data-element_type=\"section\">\n\t\t\t\t\t\t<div class=\"elementor-container elementor-column-gap-default\">\n\t\t\t\t\t<div class=\"elementor-column elementor-col-100 elementor-top-column elementor-element elementor-element-e4df437\" data-id=\"e4df437\" data-element_type=\"column\">\n\t\t\t<div class=\"elementor-widget-wrap elementor-element-populated\">\n\t\t\t\t\t\t\t\t<div class=\"elementor-element elementor-element-daa6169 elementor-widget elementor-widget-text-editor\" data-id=\"daa6169\" data-element_type=\"widget\" data-widget_type=\"text-editor.default\">\n\t\t\t\t<div class=\"elementor-widget-container\">\n\t\t\t<style>\/*! elementor - v3.10.1 - 17-01-2023 *\/\n.elementor-widget-text-editor.elementor-drop-cap-view-stacked .elementor-drop-cap{background-color:#818a91;color:#fff}.elementor-widget-text-editor.elementor-drop-cap-view-framed .elementor-drop-cap{color:#818a91;border:3px solid;background-color:transparent}.elementor-widget-text-editor:not(.elementor-drop-cap-view-default) .elementor-drop-cap{margin-top:8px}.elementor-widget-text-editor:not(.elementor-drop-cap-view-default) .elementor-drop-cap-letter{width:1em;height:1em}.elementor-widget-text-editor .elementor-drop-cap{float:left;text-align:center;line-height:1;font-size:50px}.elementor-widget-text-editor .elementor-drop-cap-letter{display:inline-block}<\/style>\t\t\t\t<p><b>Privacy Policy<\/b><\/p><ol><li><b> Az Adatkezel\u00e9si t\u00e1j\u00e9koztat\u00f3 c\u00e9lja, hat\u00e1lya, ir\u00e1nyad\u00f3 jogszab\u00e1lyok<\/b><\/li><\/ol><p><span style=\"font-weight: 400;\">Jelen t\u00e1j\u00e9koztat\u00f3 c\u00e9lja, hogy r\u00f6gz\u00edtse Hotelbox Hungary Kft. \u00e1ltal alkalmazott adatv\u00e9delmi \u00e9s adatkezel\u00e9si elveket, a szervezet adatv\u00e9delmi \u00e9s adatkezel\u00e9si politik\u00e1j\u00e1t, amelyet a szervezet, mint adatkezel\u0151 mag\u00e1ra n\u00e9zve k\u00f6telez\u0151 er\u0151vel ismer el.<\/span><\/p><p><span style=\"font-weight: 400;\">A T\u00e1j\u00e9koztat\u00f3 rendelkez\u00e9seinek kialak\u00edt\u00e1sakor a szervezet k\u00fcl\u00f6n\u00f6s tekintettel vette figyelembe az Eur\u00f3pai Parlament \u00e9s a Tan\u00e1cs 2016\/679 Rendelet\u00e9ben (\u201c\u00c1ltal\u00e1nos Adatv\u00e9delmi Rendelet\u201d vagy \u201cGDPR\u201d), az inform\u00e1ci\u00f3s \u00f6nrendelkez\u00e9si jogr\u00f3l \u00e9s az inform\u00e1ci\u00f3szabads\u00e1gr\u00f3l sz\u00f3l\u00f3 2011. \u00e9vi CXII. t\u00f6rv\u00e9ny (\u201cInfot\u00f6rv\u00e9ny\u201d), a Polg\u00e1ri T\u00f6rv\u00e9nyk\u00f6nyvr\u0151l sz\u00f3l\u00f3 2013. \u00e9vi V. t\u00f6rv\u00e9ny (\u201cPtk.\u201d), tov\u00e1bb\u00e1 a gazdas\u00e1gi rekl\u00e1mtev\u00e9kenys\u00e9g alapvet\u0151 felt\u00e9teleir\u0151l \u00e9s egyes korl\u00e1tair\u00f3l sz\u00f3l\u00f3 2008. \u00e9vi XLVIII. t\u00f6rv\u00e9ny (\u201cGrtv.\u201d) rendelkez\u00e9seit.<\/span><span style=\"font-weight: 400;\"><br \/><\/span><span style=\"font-weight: 400;\">Jelen Adatkezel\u00e9si t\u00e1j\u00e9koztat\u00f3 hat\u00e1lya a <\/span><a href=\"https:\/\/bestcover.hu\/en\/\"><span style=\"font-weight: 400;\">https:\/\/bestcover.hu<\/span><\/a><span style=\"font-weight: 400;\">, <\/span><a href=\"https:\/\/en.bestcover.hu\/\"><span style=\"font-weight: 400;\">https:\/\/en.bestcover.hu\/<\/span><\/a><span style=\"font-weight: 400;\"> \u00e9s a <\/span><a href=\"https:\/\/healthinsurance.hu\"><span style=\"font-weight: 400;\">https:\/\/healthinsurance.hu<\/span><\/a> <span style=\"font-weight: 400;\">c\u00edmen el\u00e9rhet\u0151 weboldalhoz (a tov\u00e1bbiakban: \u201cWeboldal\u201d) kapcsol\u00f3d\u00f3 adatkezel\u00e9sekre terjed ki. Az Adatkezel\u00e9si t\u00e1j\u00e9koztat\u00f3 visszavon\u00e1sig \u00e9rv\u00e9nyes.<\/span><\/p><p><span style=\"font-weight: 400;\">Az Adatkezel\u00e9si t\u00e1j\u00e9koztat\u00f3 c\u00e9lja, hogy harmoniz\u00e1lja az adatkezel\u00e9si tev\u00e9kenys\u00e9gek tekintet\u00e9ben a szervezet egy\u00e9b bels\u0151 szab\u00e1lyzatainak el\u0151\u00edr\u00e1sait a term\u00e9szetes szem\u00e9lyek alapvet\u0151 jogainak \u00e9s szabads\u00e1gainak v\u00e9delme \u00e9rdek\u00e9ben, valamint biztos\u00edtsa a szem\u00e9lyes adatok megfelel\u0151 kezel\u00e9s\u00e9t.<\/span><span style=\"font-weight: 400;\"><br \/><\/span><span style=\"font-weight: 400;\">Az Adatv\u00e9delmi t\u00e1j\u00e9koztat\u00f3 kiad\u00e1s\u00e1nak fontos c\u00e9lja tov\u00e1bb\u00e1, hogy megismer\u00e9s\u00e9vel \u00e9s betart\u00e1s\u00e1val a szervezet k\u00e9pes legyen a term\u00e9szetes szem\u00e9lyek adatai kezel\u00e9s\u00e9t jogszer\u0171en v\u00e9gezni.<\/span><\/p><ol start=\"2\"><li><b> Az adatkezel\u0151 szem\u00e9lye<\/b><\/li><\/ol><p><b>N\u00e9v:<\/b><span style=\"font-weight: 400;\">\u00a0Hotelbox Hungary Kft.<\/span><span style=\"font-weight: 400;\"><br \/><\/span><b>Sz\u00e9khely:<\/b><span style=\"font-weight: 400;\"> 1134 Budapest, Pattanty\u00fas utca 9. 1\/4<\/span><span style=\"font-weight: 400;\"><br \/><\/span><b>Telefon:<\/b><span style=\"font-weight: 400;\">\u00a0+36302112770<\/span><span style=\"font-weight: 400;\"><br \/><\/span><b>E-mail:<\/b><span style=\"font-weight: 400;\">\u00a0zoltan.bursits@bestcover.hu<\/span><span style=\"font-weight: 400;\"><br \/><\/span><b>Adatv\u00e9delmi felel\u0151s:<\/b><span style=\"font-weight: 400;\">\u00a0Bursits Zolt\u00e1n Levente<\/span><span style=\"font-weight: 400;\"><br \/><\/span><span style=\"font-weight: 400;\">Adatkezel\u0151 Magyarorsz\u00e1gon bejegyzett szervezet illetve gazdas\u00e1gi t\u00e1rsas\u00e1g.<\/span><\/p><ol start=\"3\"><li><b> L\u00e9nyeges fogalmak, meghat\u00e1roz\u00e1sok<\/b><\/li><\/ol><ul><li style=\"font-weight: 400;\" aria-level=\"1\"><span style=\"font-weight: 400;\">a GDPR (General Data Protection Regulation) az Eur\u00f3pai Uni\u00f3 \u00faj Adatv\u00e9delmi Rendelete.<\/span><\/li><li style=\"font-weight: 400;\" aria-level=\"1\"><span style=\"font-weight: 400;\">adatkezel\u0151: az a term\u00e9szetes vagy jogi szem\u00e9ly, k\u00f6zhatalmi szerv, \u00fcgyn\u00f6ks\u00e9g vagy b\u00e1rmely egy\u00e9b szerv, amely a szem\u00e9lyes adatok kezel\u00e9s\u00e9nek c\u00e9ljait \u00e9s eszk\u00f6zeit \u00f6n\u00e1ll\u00f3an vagy m\u00e1sokkal egy\u00fctt meghat\u00e1rozza. Ha az adatkezel\u00e9s c\u00e9ljait \u00e9s eszk\u00f6zeit az uni\u00f3s vagy a tag\u00e1llami jog hat\u00e1rozza meg, az adatkezel\u0151t vagy az adatkezel\u0151 kijel\u00f6l\u00e9s\u00e9re vonatkoz\u00f3 k\u00fcl\u00f6n\u00f6s szempontokat az uni\u00f3s vagy a tag\u00e1llami jog is meghat\u00e1rozhatja.<\/span><\/li><li style=\"font-weight: 400;\" aria-level=\"1\"><span style=\"font-weight: 400;\">adatkezel\u00e9s: a szem\u00e9lyes adatokon vagy adat\u00e1llom\u00e1nyokon automatiz\u00e1lt vagy nem automatiz\u00e1lt m\u00f3don v\u00e9gzett b\u00e1rmely m\u0171velet vagy m\u0171veletek \u00f6sszess\u00e9ge, \u00edgy a gy\u0171jt\u00e9s, r\u00f6gz\u00edt\u00e9s, rendszerez\u00e9s, tagol\u00e1s, t\u00e1rol\u00e1s, \u00e1talak\u00edt\u00e1s vagy megv\u00e1ltoztat\u00e1s, lek\u00e9rdez\u00e9s, betekint\u00e9s, felhaszn\u00e1l\u00e1s, k\u00f6zl\u00e9s, tov\u00e1bb\u00edt\u00e1s, terjeszt\u00e9s vagy egy\u00e9b m\u00f3don t\u00f6rt\u00e9n\u0151 hozz\u00e1f\u00e9rhet\u0151v\u00e9 t\u00e9tel \u00fatj\u00e1n, \u00f6sszehangol\u00e1s vagy \u00f6sszekapcsol\u00e1s, korl\u00e1toz\u00e1s, t\u00f6rl\u00e9s, illetve megsemmis\u00edt\u00e9s.<\/span><\/li><li style=\"font-weight: 400;\" aria-level=\"1\"><span style=\"font-weight: 400;\">adatfeldolgoz\u00f3: az a term\u00e9szetes vagy jogi szem\u00e9ly, k\u00f6zhatalmi szerv, \u00fcgyn\u00f6ks\u00e9g vagy b\u00e1rmely egy\u00e9b szerv, amely az adatkezel\u0151 nev\u00e9ben szem\u00e9lyes adatokat kezel.<\/span><\/li><li style=\"font-weight: 400;\" aria-level=\"1\"><span style=\"font-weight: 400;\">szem\u00e9lyes adat: azonos\u00edtott vagy azonos\u00edthat\u00f3 term\u00e9szetes szem\u00e9lyre (\u00e9rintett) vonatkoz\u00f3 b\u00e1rmely inform\u00e1ci\u00f3; azonos\u00edthat\u00f3 az a term\u00e9szetes szem\u00e9ly, aki k\u00f6zvetlen vagy k\u00f6zvetett m\u00f3don, k\u00fcl\u00f6n\u00f6sen valamely azonos\u00edt\u00f3, p\u00e9ld\u00e1ul n\u00e9v, sz\u00e1m, helymeghat\u00e1roz\u00f3 adat, online azonos\u00edt\u00f3 vagy a term\u00e9szetes szem\u00e9ly testi, fiziol\u00f3giai, genetikai, szellemi, gazdas\u00e1gi, kultur\u00e1lis vagy szoci\u00e1lis azonoss\u00e1g\u00e1ra vonatkoz\u00f3 egy vagy t\u00f6bb t\u00e9nyez\u0151 alapj\u00e1n azonos\u00edthat\u00f3.<\/span><\/li><li style=\"font-weight: 400;\" aria-level=\"1\"><span style=\"font-weight: 400;\">harmadik f\u00e9l: az a term\u00e9szetes vagy jogi szem\u00e9ly, k\u00f6zhatalmi szerv, \u00fcgyn\u00f6ks\u00e9g vagy b\u00e1rmely egy\u00e9b szerv, amely nem azonos az \u00e9rintettel, az adatkezel\u0151vel, az adatfeldolgoz\u00f3val vagy azokkal a szem\u00e9lyekkel, akik az adatkezel\u0151 vagy adatfeldolgoz\u00f3 k\u00f6zvetlen ir\u00e1ny\u00edt\u00e1sa alatt a szem\u00e9lyes adatok kezel\u00e9s\u00e9re felhatalmaz\u00e1st kaptak.<\/span><\/li><li style=\"font-weight: 400;\" aria-level=\"1\"><span style=\"font-weight: 400;\">az \u00e9rintett hozz\u00e1j\u00e1rul\u00e1sa: az \u00e9rintett akarat\u00e1nak \u00f6nk\u00e9ntes, konkr\u00e9t \u00e9s megfelel\u0151 t\u00e1j\u00e9koztat\u00e1son alapul\u00f3 \u00e9s egy\u00e9rtelm\u0171 kinyilv\u00e1n\u00edt\u00e1sa, amellyel az \u00e9rintett nyilatkozat vagy a meger\u0151s\u00edt\u00e9st f\u00e9lre\u00e9rthetetlen\u00fcl kifejez\u0151 cselekedet \u00fatj\u00e1n jelzi, hogy beleegyez\u00e9s\u00e9t adja az \u0151t \u00e9rint\u0151 szem\u00e9lyes adatok kezel\u00e9s\u00e9hez.<\/span><\/li><li style=\"font-weight: 400;\" aria-level=\"1\"><span style=\"font-weight: 400;\">az adatkezel\u00e9s korl\u00e1toz\u00e1sa: a t\u00e1rolt szem\u00e9lyes adatok megjel\u00f6l\u00e9se j\u00f6v\u0151beli kezel\u00e9s\u00fck korl\u00e1toz\u00e1sa c\u00e9lj\u00e1b\u00f3l.<\/span><\/li><li style=\"font-weight: 400;\" aria-level=\"1\"><span style=\"font-weight: 400;\">adatt\u00f6rl\u00e9s: az adatok felismerhetetlenn\u00e9 t\u00e9tele oly m\u00f3don, hogy a helyre\u00e1ll\u00edt\u00e1suk t\u00f6bb\u00e9 nem lehets\u00e9ges.<\/span><\/li><li style=\"font-weight: 400;\" aria-level=\"1\"><span style=\"font-weight: 400;\">adatv\u00e9delmi incidens: a biztons\u00e1g olyan s\u00e9r\u00fcl\u00e9se, amely a tov\u00e1bb\u00edtott, t\u00e1rolt vagy m\u00e1s m\u00f3don kezelt szem\u00e9lyes adatok v\u00e9letlen vagy jogellenes megsemmis\u00edt\u00e9s\u00e9t, elveszt\u00e9s\u00e9t, megv\u00e1ltoztat\u00e1s\u00e1t, jogosulatlan k\u00f6zl\u00e9s\u00e9t vagy az azokhoz val\u00f3 jogosulatlan hozz\u00e1f\u00e9r\u00e9st eredm\u00e9nyezi.<\/span><\/li><\/ul><ol start=\"4\"><li><b> Az adatkezel\u00e9s ir\u00e1nyelvei<\/b><\/li><\/ol><p><b>A szem\u00e9lyes adatok:<\/b><\/p><ul><li style=\"font-weight: 400;\" aria-level=\"1\"><span style=\"font-weight: 400;\">kezel\u00e9s\u00e9t jogszer\u0171en \u00e9s tisztess\u00e9gesen, valamint az \u00e9rintett sz\u00e1m\u00e1ra \u00e1tl\u00e1that\u00f3 m\u00f3don kell v\u00e9gezni (\u201cjogszer\u0171s\u00e9g, tisztess\u00e9ges elj\u00e1r\u00e1s \u00e9s \u00e1tl\u00e1that\u00f3s\u00e1g\u201d)<\/span><\/li><li style=\"font-weight: 400;\" aria-level=\"1\"><span style=\"font-weight: 400;\">gy\u0171jt\u00e9se csak meghat\u00e1rozott, egy\u00e9rtelm\u0171 \u00e9s jogszer\u0171 c\u00e9lb\u00f3l t\u00f6rt\u00e9njen, \u00e9s azokat ne kezelj\u00e9k ezekkel a c\u00e9lokkal \u00f6ssze nem egyeztethet\u0151 m\u00f3don; a 89. cikk (1) bekezd\u00e9s\u00e9nek megfelel\u0151en nem min\u0151s\u00fcl az eredeti c\u00e9llal \u00f6ssze nem egyeztethet\u0151nek a k\u00f6z\u00e9rdek\u0171 archiv\u00e1l\u00e1s c\u00e9lj\u00e1b\u00f3l, tudom\u00e1nyos \u00e9s t\u00f6rt\u00e9nelmi kutat\u00e1si c\u00e9lb\u00f3l vagy statisztikai c\u00e9lb\u00f3l t\u00f6rt\u00e9n\u0151 tov\u00e1bbi adatkezel\u00e9s (\u201cc\u00e9lhoz k\u00f6t\u00f6tts\u00e9g\u201d)<\/span><\/li><li style=\"font-weight: 400;\" aria-level=\"1\"><span style=\"font-weight: 400;\">az adatkezel\u00e9s c\u00e9ljai szempontj\u00e1b\u00f3l megfelel\u0151ek \u00e9s relev\u00e1nsak kell, hogy legyenek, \u00e9s a sz\u00fcks\u00e9gesre kell korl\u00e1toz\u00f3dniuk (\u201cadattakar\u00e9koss\u00e1g\u201d)<\/span><\/li><li style=\"font-weight: 400;\" aria-level=\"1\"><span style=\"font-weight: 400;\">pontosnak \u00e9s sz\u00fcks\u00e9g eset\u00e9n naprak\u00e9sznek kell lenni\u00fck; minden \u00e9sszer\u0171 int\u00e9zked\u00e9st meg kell tenni annak \u00e9rdek\u00e9ben, hogy az adatkezel\u00e9s c\u00e9ljai szempontj\u00e1b\u00f3l pontatlan szem\u00e9lyes adatokat halad\u00e9ktalanul t\u00f6r\u00f6lj\u00e9k vagy helyesb\u00edts\u00e9k (\u201cpontoss\u00e1g\u201d)<\/span><\/li><li style=\"font-weight: 400;\" aria-level=\"1\"><span style=\"font-weight: 400;\">t\u00e1rol\u00e1s\u00e1nak olyan form\u00e1ban kell t\u00f6rt\u00e9nnie, amely az \u00e9rintettek azonos\u00edt\u00e1s\u00e1t csak a szem\u00e9lyes adatok kezel\u00e9se c\u00e9ljainak el\u00e9r\u00e9s\u00e9hez sz\u00fcks\u00e9ges ideig teszi lehet\u0151v\u00e9; a szem\u00e9lyes adatok enn\u00e9l hosszabb ideig t\u00f6rt\u00e9n\u0151 t\u00e1rol\u00e1s\u00e1ra csak akkor ker\u00fclhet sor, amennyiben a szem\u00e9lyes adatok kezel\u00e9s\u00e9re a 89. cikk (1) bekezd\u00e9s\u00e9nek megfelel\u0151en k\u00f6z\u00e9rdek\u0171 archiv\u00e1l\u00e1s c\u00e9lj\u00e1b\u00f3l, tudom\u00e1nyos \u00e9s t\u00f6rt\u00e9nelmi kutat\u00e1si c\u00e9lb\u00f3l vagy statisztikai c\u00e9lb\u00f3l ker\u00fcl majd sor, az e rendeletben az \u00e9rintettek jogainak \u00e9s szabads\u00e1gainak v\u00e9delme \u00e9rdek\u00e9ben el\u0151\u00edrt megfelel\u0151 technikai \u00e9s szervez\u00e9si int\u00e9zked\u00e9sek v\u00e9grehajt\u00e1s\u00e1ra is figyelemmel (\u201ckorl\u00e1tozott t\u00e1rolhat\u00f3s\u00e1g\u201d)<\/span><\/li><li style=\"font-weight: 400;\" aria-level=\"1\"><span style=\"font-weight: 400;\">kezel\u00e9s\u00e9t oly m\u00f3don kell v\u00e9gezni, hogy megfelel\u0151 technikai vagy szervez\u00e9si int\u00e9zked\u00e9sek alkalmaz\u00e1s\u00e1val biztos\u00edtva legyen a szem\u00e9lyes adatok megfelel\u0151 biztons\u00e1ga, az adatok jogosulatlan vagy jogellenes kezel\u00e9s\u00e9vel, v\u00e9letlen elveszt\u00e9s\u00e9vel, megsemmis\u00edt\u00e9s\u00e9vel vagy k\u00e1rosod\u00e1s\u00e1val szembeni v\u00e9delmet is ide\u00e9rtve (\u201cintegrit\u00e1s \u00e9s bizalmas jelleg\u201d)<\/span><\/li><\/ul><p><span style=\"font-weight: 400;\">Az adatkezel\u0151 felel\u0151s a fentiek megfelel\u00e9s\u00e9rt, tov\u00e1bb\u00e1 k\u00e9pesnek kell lennie e megfelel\u00e9s igazol\u00e1s\u00e1ra (\u201celsz\u00e1moltathat\u00f3s\u00e1g\u201d).<\/span><\/p><ol start=\"5\"><li><b> Az adatkezel\u00e9s c\u00e9lja<\/b><\/li><\/ol><p><span style=\"font-weight: 400;\">Az Adatkezel\u0151 szem\u00e9lyes adatot kiz\u00e1r\u00f3lag meghat\u00e1rozott c\u00e9lb\u00f3l kezel. Az adatok felv\u00e9tele \u00e9s kezel\u00e9se tisztess\u00e9gesen \u00e9s t\u00f6rv\u00e9nyesen t\u00f6rt\u00e9nik. Az Adatkezel\u0151 t\u00f6rekszik arra, hogy csak olyan szem\u00e9lyes adat kezel\u00e9s\u00e9re ker\u00fclj\u00f6n sor, amely az adatkezel\u00e9s c\u00e9lj\u00e1nak megval\u00f3sul\u00e1s\u00e1hoz elengedhetetlen, a c\u00e9l el\u00e9r\u00e9s\u00e9re alkalmas. A szem\u00e9lyes adat csak a c\u00e9l megval\u00f3sul\u00e1s\u00e1hoz sz\u00fcks\u00e9ges m\u00e9rt\u00e9kben \u00e9s ideig kezelhet\u0151.<\/span><\/p><ol start=\"6\"><li><b> A kezelt adatok k\u00f6re<\/b><\/li><\/ol><p><b>KAPCSOLATFELV\u00c9TEL<\/b><span style=\"font-weight: 400;\"><br \/><\/span><span style=\"font-weight: 400;\">Adatkezel\u00e9s c\u00e9lja: kapcsolatfelv\u00e9tel, kapcsolat tart\u00e1s, inform\u00e1ci\u00f3 k\u00f6zl\u00e9s, inform\u00e1ci\u00f3 k\u00e9r\u00e9s.<\/span><span style=\"font-weight: 400;\"><br \/><\/span><span style=\"font-weight: 400;\">Adatkezel\u00e9s jogalapja: \u00e9rintett \u00f6nk\u00e9ntes hozz\u00e1j\u00e1rul\u00e1sa, GDPR 6. cikk (1) bekezd\u00e9s a) pont.<\/span><span style=\"font-weight: 400;\"><br \/><\/span><span style=\"font-weight: 400;\">Kezelt adatok k\u00f6re: n\u00e9v (azonos\u00edt\u00e1s), e-mail c\u00edm (kapcsolattart\u00e1s), telefonsz\u00e1m (kapcsolattart\u00e1s)<\/span><span style=\"font-weight: 400;\"><br \/><\/span><span style=\"font-weight: 400;\">Adatok t\u00f6rl\u00e9s\u00e9nek hat\u00e1rideje: az utols\u00f3 kapcsolatfelv\u00e9telt\u0151l sz\u00e1m\u00edtott 2 \u00e9v<\/span><span style=\"font-weight: 400;\"><br \/><\/span><span style=\"font-weight: 400;\">Az adatkezel\u0151 honlapj\u00e1t b\u00e1rki l\u00e1togathatja an\u00e9lk\u00fcl, hogy a technikailag automatikus adatkezel\u00e9sen t\u00fal b\u00e1rmilyen szem\u00e9lyes adatokat kellene megadnia.<\/span><span style=\"font-weight: 400;\"><br \/><\/span><span style=\"font-weight: 400;\">A szem\u00e9lyes adatok t\u00f6rl\u00e9s\u00e9t vagy m\u00f3dos\u00edt\u00e1s\u00e1t az al\u00e1bbi m\u00f3dokon lehet kezdem\u00e9nyezni:<\/span><\/p><ul><li style=\"font-weight: 400;\" aria-level=\"1\"><span style=\"font-weight: 400;\">postai \u00faton: 1134 Budapest, Pattanty\u00fas utca 9. 1\/4<\/span><\/li><li style=\"font-weight: 400;\" aria-level=\"1\"><span style=\"font-weight: 400;\">e-mail \u00fatj\u00e1n a zoltan.bursits@bestcover.hu c\u00edmen<\/span><\/li><\/ul><ol start=\"7\"><li><b> Az adatkezel\u00e9s m\u00f3dja<\/b><\/li><\/ol><p><span style=\"font-weight: 400;\">Az \u00e9rintett adatait Adatkezel\u0151 a saj\u00e1t szerverein, valamint ideiglenesen az Adatkezel\u0151 sz\u00e1m\u00edt\u00f3g\u00e9pein t\u00e1rolja. Az \u00e9rintetek szem\u00e9lyes adatainak kezel\u00e9s\u00e9hez kiz\u00e1r\u00f3lag az Adatkezel\u0151nek van lehet\u0151s\u00e9ge.<\/span><\/p><p><span style=\"font-weight: 400;\">Az adatszolg\u00e1ltat\u00e1s minden esetben \u00f6nk\u00e9ntes, azaz az \u00e9rintett szabadon d\u00f6nthet arr\u00f3l, hogy megadja-e a k\u00e9rt szem\u00e9lyes adatait. Amennyiben ahhoz az \u00e9rintett hozz\u00e1j\u00e1rul, az Adatkezel\u0151 az adatokat a hat\u00e1lyos jogszab\u00e1lyoknak megfelel\u0151en, valamint az \u00e9rintettek hozz\u00e1j\u00e1rul\u00e1s\u00e1nak korl\u00e1tai k\u00f6z\u00f6tt kezeli.<\/span><span style=\"font-weight: 400;\"><br \/><\/span><span style=\"font-weight: 400;\">A kezelt szem\u00e9lyes adatok jogosulatlan felhaszn\u00e1l\u00e1sa \u00e9s az azzal kapcsolatos vissza\u00e9l\u00e9sek elker\u00fcl\u00e9se \u00e9rdek\u00e9ben Adatkezel\u0151 kiterjedt m\u0171szaki \u00e9s \u00fczemeltet\u00e9si biztons\u00e1gi int\u00e9zked\u00e9seket alkalmaz. Biztons\u00e1gi elj\u00e1r\u00e1sainkat rendszeresen ellen\u0151rizz\u00fck \u00e9s a technol\u00f3giai fejl\u0151d\u00e9ssel \u00f6sszhangban fejlesztj\u00fck.<\/span><\/p><ol start=\"8\"><li><b> Technikai adatok \u00e9s cookie-k kezel\u00e9se<\/b><\/li><\/ol><p><span style=\"font-weight: 400;\">Mivel a term\u00e9szetes szem\u00e9lyek \u00f6sszef\u00fcgg\u00e9sbe hozhat\u00f3k az \u00e1ltaluk haszn\u00e1lt k\u00e9sz\u00fcl\u00e9kek, alkalmaz\u00e1sok, eszk\u00f6z\u00f6k \u00e9s protokollok \u00e1ltal rendelkez\u00e9sre bocs\u00e1tott online azonos\u00edt\u00f3kkal, p\u00e9ld\u00e1ul IP-c\u00edmekkel \u00e9s cookie-azonos\u00edt\u00f3kkal, ez\u00e9rt ezek az adatok egy\u00e9b inform\u00e1ci\u00f3kkal \u00f6sszekapcsolva alkalmasak \u00e9s felhaszn\u00e1lhat\u00f3k a term\u00e9szetes szem\u00e9lyek profilj\u00e1nak l\u00e9trehoz\u00e1s\u00e1ra \u00e9s az adott szem\u00e9ly azonos\u00edt\u00e1s\u00e1ra.<\/span><\/p><p><span style=\"font-weight: 400;\">A cookie-k alkalmasak tov\u00e1bb\u00e1 arra, hogy megjegyezz\u00e9k a be\u00e1ll\u00edt\u00e1sokat, \u00edgy nem kell azokat a felhaszn\u00e1l\u00f3nak \u00fajra r\u00f6gz\u00edtenie, ha egy \u00faj oldalra l\u00e9p, eml\u00e9keznek a kor\u00e1bban bevitt adatokra, ez\u00e9rt azokat nem kell \u00fajra beg\u00e9pelni, elemzik a honlap haszn\u00e1lat\u00e1t annak \u00e9rdek\u00e9ben, hogy az \u00edgy nyert inform\u00e1ci\u00f3k felhaszn\u00e1l\u00e1s\u00e1val v\u00e9grehajtott fejleszt\u00e9sek eredm\u00e9nyek\u00e9nt az a lehet\u0151 legnagyobb m\u00e9rt\u00e9kben a felhaszn\u00e1l\u00f3 elv\u00e1r\u00e1sai szerint m\u0171k\u00f6dj\u00f6n, a felhaszn\u00e1l\u00f3 k\u00f6nnyen megtal\u00e1lja a keresett inform\u00e1ci\u00f3t, \u00e9s figyelemmel k\u00eds\u00e9rik hirdet\u00e9seink hat\u00e9konys\u00e1g\u00e1t.<\/span><span style=\"font-weight: 400;\"><br \/><\/span><span style=\"font-weight: 400;\">Amennyiben a Weboldalon az Adatkezel\u0151 k\u00fcls\u0151 webes szolg\u00e1ltat\u00e1sok seg\u00edts\u00e9g\u00e9vel jelen\u00edt meg k\u00fcl\u00f6nf\u00e9le tartalmakat, az n\u00e9h\u00e1ny olyan s\u00fcti t\u00e1rol\u00e1s\u00e1t eredm\u00e9nyezheti, melyeket nem az Adatkezel\u0151 fel\u00fcgyel, \u00edgy nincs befoly\u00e1sa arra, hogy ezek a weboldalak, illetve k\u00fcls\u0151 domainek milyen adatokat gy\u0171jtenek. Ezen cookie-kr\u00f3l az adott szolg\u00e1ltat\u00e1sra vonatkoz\u00f3 szab\u00e1lyzatok adnak t\u00e1j\u00e9koztat\u00e1st. A felhaszn\u00e1l\u00f3 be\u00e1ll\u00edthatja webes keres\u0151j\u00e9t \u00fagy, hogy elfogadjon minden s\u00fctit, elutas\u00edtsa mindet, vagy \u00e9rtes\u00edtse a felhaszn\u00e1l\u00f3t, ha s\u00fcti \u00e9rkezik a g\u00e9p\u00e9re. A be\u00e1ll\u00edt\u00e1si lehet\u0151s\u00e9gek \u00e1ltal\u00e1ban a b\u00f6ng\u00e9sz\u0151 \u201cOpci\u00f3k\u201d vagy \u201cBe\u00e1ll\u00edt\u00e1sok\u201d men\u00fcpontj\u00e1ban tal\u00e1lhat\u00f3k. Az angol nyelv\u0171 www.aboutcookies.org weboldalon tal\u00e1lhat\u00f3 r\u00e9szletes t\u00e1j\u00e9koztat\u00f3 szint\u00e9n seg\u00edt a k\u00fcl\u00f6nb\u00f6z\u0151 b\u00f6ng\u00e9sz\u0151kben t\u00f6rt\u00e9n\u0151 be\u00e1ll\u00edt\u00e1sokban.<\/span><\/p><p><b>A honlap \u00e1ltal haszn\u00e1lt cookie-k:<\/b><\/p><ul><li style=\"font-weight: 400;\" aria-level=\"1\"><span style=\"font-weight: 400;\">Munkamenet cookie: Ezek n\u00e9lk\u00fcl\u00f6zhetetlenek a weboldalunkon t\u00f6rt\u00e9n\u0151 navig\u00e1l\u00e1shoz, weboldalunk kulcsfontoss\u00e1g\u00fa funkci\u00f3inak m\u0171k\u00f6d\u00e9s\u00e9hez \u00e9s a v\u00e9dett tartalmak el\u00e9r\u00e9s\u00e9hez. Ezek a cookie-k az adatlapok kit\u00f6lt\u00e9s\u00e9hez sz\u00fcks\u00e9ges inform\u00e1ci\u00f3kat \u00e9s esetenk\u00e9nt az \u00d6n \u00e1ltal kiv\u00e1lasztott nyelvet t\u00e1rolj\u00e1k, \u00e9s nem gy\u0171jtenek \u00d6nr\u0151l olyan inform\u00e1ci\u00f3kat, melyekkel \u00d6nt azonos\u00edtani lehetne, melyeket marketing c\u00e9lj\u00e1b\u00f3l fel lehetne haszn\u00e1lni, vagy amelyek eml\u00e9kezn\u00e9nek arra, milyen m\u00e1s honlapokon j\u00e1rt. A honlap bez\u00e1r\u00e1sa ut\u00e1n e s\u00fctik automatikusan t\u00f6rl\u0151dnek \u00e9s a munkamenet lez\u00e1r\u00e1sra ker\u00fcl.<\/span><\/li><li style=\"font-weight: 400;\" aria-level=\"1\"><span style=\"font-weight: 400;\">Funkcion\u00e1lis cookie: Ezek a cookie-k a felhaszn\u00e1l\u00f3i \u00e9lm\u00e9ny jav\u00edt\u00e1sa \u00e9rdek\u00e9ben \u00e9szlelik, hogy milyen eszk\u00f6zzel nyitotta meg a honlapunkat, megjegyzik az \u00d6n kor\u00e1bbi felhaszn\u00e1l\u00fci d\u00f6nt\u00e9seit (mint p\u00e9ld\u00e1ul a felhaszn\u00e1l\u00f3neve, jelszava, v\u00e1lasztott nyelv, r\u00e9gi\u00f3, bejelentkezett-e egy kor\u00e1bbi munkamenet sor\u00e1n, a sz\u00f6vegm\u00e9retben, bet\u0171t\u00edpusban vagy a honlap egy\u00e9b testre szabhat\u00f3 elem\u00e9ben \u00d6n \u00e1ltal v\u00e9grehajtott felhaszn\u00e1l\u00f3i v\u00e1ltoztat\u00e1sok), hogy ilyen m\u00f3don jobb \u00e9s szem\u00e9lyre szabottabb funkci\u00f3kat k\u00edn\u00e1lhassunk \u00d6nnek. Ezek a cookie-k nem k\u00f6vetik \u00d6nt nyomon m\u00e1s honlapokon folytatott tev\u00e9kenys\u00e9g\u00e9t \u00e9s nem haszn\u00e1ljuk azokat olyan c\u00e9lra, hogy hirdet\u00e9seket k\u00fcldj\u00fcnk \u00d6nnek m\u00e1s oldalakon kereszt\u00fcl.<\/span><\/li><li style=\"font-weight: 400;\" aria-level=\"1\"><span style=\"font-weight: 400;\">Google Analytics cookie: A Google Analytics a Google elemz\u0151 eszk\u00f6ze, amely abban seg\u00edt a weboldalak \u00e9s alkalmaz\u00e1sok tulajdonosainak, hogy pontosabb k\u00e9pet kapjanak l\u00e1togat\u00f3ik tev\u00e9kenys\u00e9geir\u0151l. A szolg\u00e1ltat\u00e1s cookie-kat haszn\u00e1lhat, hogy inform\u00e1ci\u00f3kat gy\u0171jts\u00f6n \u00e9s jelent\u00e9st k\u00e9sz\u00edtsen a weboldal haszn\u00e1lat\u00e1ra vonatkoz\u00f3 statisztikai adatokb\u00f3l an\u00e9lk\u00fcl, hogy egy\u00e9nileg azonos\u00edtan\u00e1 a l\u00e1togat\u00f3kat a Google sz\u00e1m\u00e1ra. A Google Analytics \u00e1ltal haszn\u00e1lt f\u0151 cookie a \u201c__ga\u201d cookie. A webhelyhaszn\u00e1lati statisztikai adatokb\u00f3l k\u00e9sz\u00fcl\u0151 jelent\u00e9sek mellett a Google Analytics felhaszn\u00e1lhat\u00f3 arra is, hogy relev\u00e1nsabb hirdet\u00e9seket jelen\u00edts\u00fcnk meg a Google-term\u00e9kekben (p\u00e9ld\u00e1ul a Google Keres\u00e9sben) \u00e9s szerte az interneten.<\/span><\/li><\/ul><ol start=\"9\"><li><b> Adattov\u00e1bb\u00edt\u00e1s<\/b><\/li><\/ol><p><span style=\"font-weight: 400;\">Az Adatkezel\u0151 szem\u00e9lyes adatot csak akkor tov\u00e1bb\u00edt harmadik szem\u00e9ly r\u00e9sz\u00e9re, ha ahhoz az \u00e9rintett egy\u00e9rtelm\u0171en \u2013 a tov\u00e1bb\u00edtott adatk\u00f6r \u00e9s az adattov\u00e1bb\u00edt\u00e1s c\u00edmzettje ismeret\u00e9ben \u2013 hozz\u00e1j\u00e1rult, vagy az adattov\u00e1bb\u00edt\u00e1sra t\u00f6rv\u00e9ny felhatalmaz\u00e1st ad. Az Adatkezel\u0151 az adattov\u00e1bb\u00edt\u00e1sokat minden esetben dokument\u00e1lja, \u00e9s az adattov\u00e1bb\u00edt\u00e1sokr\u00f3l nyilv\u00e1ntart\u00e1st vezet.<\/span><\/p><ol start=\"10\"><li><b> Adatfeldolgoz\u00e1s<\/b><\/li><\/ol><p><span style=\"font-weight: 400;\">Az Adatkezel\u0151 a tev\u00e9kenys\u00e9ge ell\u00e1t\u00e1s\u00e1hoz jogosult adatfeldolgoz\u00f3t ig\u00e9nybe venni. Az adatfeldolgoz\u00f3k \u00f6n\u00e1ll\u00f3 d\u00f6nt\u00e9st nem hoznak, kiz\u00e1r\u00f3lag az Adatkezel\u0151vel k\u00f6t\u00f6tt szerz\u0151d\u00e9s, \u00e9s a kapott utas\u00edt\u00e1sok szerint jogosultak elj\u00e1rni. Az Adatkezel\u0151 ellen\u0151rzi az adatfeldolgoz\u00f3k munk\u00e1j\u00e1t. Az adatfeldolgoz\u00f3k tov\u00e1bbi adatfeldolgoz\u00f3 ig\u00e9nybe v\u00e9tel\u00e9re csak az Adatkezel\u0151 hozz\u00e1j\u00e1rul\u00e1s\u00e1val jogosultak.<\/span><\/p><p><span style=\"font-weight: 400;\">Az Adatkezel\u0151 \u00e1ltal ig\u00e9nybe vett adatfeldolgoz\u00f3k:<\/span><\/p><p><b>WEBT\u00c1RHELY SZOLG\u00c1LTAT\u00c1SSAL \u00d6SSZEF\u00dcGG\u0150 ADATFELDOLGOZ\u00d3 TEV\u00c9KENYS\u00c9G<\/b><span style=\"font-weight: 400;\"><br \/><\/span><span style=\"font-weight: 400;\">Az adatfeldolgoz\u00f3 megnevez\u00e9se: ELIN.hu Informatikai Szolg\u00e1ltat\u00f3 \u00e9s Tan\u00e1csad\u00f3 Kft.<br \/><\/span><span style=\"font-weight: 400;\">Az adatfeldolgoz\u00f3 sz\u00e9khelye: 9024 Gy\u0151r, D\u00e9ry T utca 11. 2. em. 4.<br \/><\/span><span style=\"font-weight: 400;\">Az adatfeldolgoz\u00f3 telefonsz\u00e1ma: +36 30 2222 444<\/span><span style=\"font-weight: 400;\"><br \/><\/span><span style=\"font-weight: 400;\">Az adatfeldolgoz\u00f3 e-mail c\u00edme: info@elin.hu<\/span><span style=\"font-weight: 400;\"><br \/><\/span><span style=\"font-weight: 400;\">Az Adatfeldolgoz\u00f3 az Adatkezel\u0151vel k\u00f6t\u00f6tt \u00edr\u00e1sbeli szerz\u0151d\u00e9s alapj\u00e1n k\u00f6zrem\u0171k\u00f6dik a Weboldal t\u00e1rhelyszolg\u00e1ltat\u00e1s\u00e1ban. Ennek sor\u00e1n az Adatfeldolgoz\u00f3 a Weboldal adatb\u00e1zis\u00e1ban r\u00f6gz\u00edtett vev\u0151 szem\u00e9lyes adatait r\u00f6gz\u00edti az informatikai rendszer\u00e9ben.<\/span><span style=\"font-weight: 400;\"><br \/><\/span><span style=\"font-weight: 400;\">Az adatkezel\u00e9s id\u0151tartama, az adatok t\u00f6rl\u00e9s\u00e9nek hat\u00e1rideje: Az Adatkezel\u0151 \u00e9s a t\u00e1rhelyszolg\u00e1ltat\u00f3 k\u00f6z\u00f6tti meg\u00e1llapod\u00e1s megsz\u0171n\u00e9s\u00e9ig, vagy az \u00e9rintettnek a t\u00e1rhelyszolg\u00e1ltat\u00f3 fel\u00e9 int\u00e9zett t\u00f6rl\u00e9si k\u00e9relm\u00e9ig tart.<\/span><\/p><p><span style=\"font-weight: 400;\">\u2013<\/span><\/p><p><b>MARKETING, K\u00d6Z\u00d6SS\u00c9GI KOMMUNIK\u00c1CI\u00d3VAL \u00d6SSZEF\u00dcGG\u0150 ADATFELDOLGOZ\u00d3I TEV\u00c9KENYS\u00c9G<\/b><span style=\"font-weight: 400;\"><br \/><\/span><span style=\"font-weight: 400;\">Az adatfeldolgoz\u00f3 megnevez\u00e9se: Facebook Ireland Ltd.<\/span><span style=\"font-weight: 400;\"><br \/><\/span><span style=\"font-weight: 400;\">Az adatfeldolgoz\u00f3 sz\u00e9khelye: 4 Grand Canal Square, Dublin Ireland<\/span><span style=\"font-weight: 400;\"><br \/><\/span><span style=\"font-weight: 400;\">Az adatfeldolgoz\u00f3 e-mail c\u00edme: support@facebook.com<\/span><span style=\"font-weight: 400;\"><br \/><\/span><span style=\"font-weight: 400;\">A Weboldalon a b\u0151v\u00edtm\u00e9nyek alaphelyzetben le vannak tiltva. A b\u0151v\u00edtm\u00e9nyek csak akkor ker\u00fclnek enged\u00e9lyez\u00e9sre, ha az \u00e9rintett az erre szolg\u00e1l\u00f3 gombra kattint (Marketing s\u00fctik). A b\u0151v\u00edtm\u00e9ny enged\u00e9lyez\u00e9s\u00e9vel az \u00e9rintett kapcsolatot hoz l\u00e9tre a k\u00f6z\u00f6ss\u00e9gi oldallal \u00e9s hozz\u00e1j\u00e1rul az adatainak a Facebook r\u00e9sz\u00e9re t\u00f6rt\u00e9n\u0151 tov\u00e1bb\u00edt\u00e1s\u00e1hoz.<\/span><\/p><p><span style=\"font-weight: 400;\">\u2013<\/span><\/p><p><b>GOOGLE ANALYTICS AGGREG\u00c1LT ADATELEMZ\u00c9SSEL \u00d6SSZEF\u00dcGG\u0150 ADATFELDOLGOZ\u00d3I TEV\u00c9KENYS\u00c9G<\/b><span style=\"font-weight: 400;\"><br \/><\/span><span style=\"font-weight: 400;\">Az adatfeldolgoz\u00f3 megnevez\u00e9se: Google, Mountain View, Kalifornia, Egyes\u00fclt \u00c1llamok<\/span><span style=\"font-weight: 400;\"><br \/><\/span><span style=\"font-weight: 400;\">Az adatfeldolgoz\u00f3 sz\u00e9khelye: Ireland, Dublin, Barrow Street 4<\/span><span style=\"font-weight: 400;\"><br \/><\/span><span style=\"font-weight: 400;\">Az adatfeldolgoz\u00f3 e-mail c\u00edme: \u2013<\/span><span style=\"font-weight: 400;\"><br \/><\/span><span style=\"font-weight: 400;\">Az Adatfelodolgoz\u00f3 az Adatkezel\u0151vel k\u00f6t\u00f6tt szerz\u0151d\u00e9s alapj\u00e1n ig\u00e9nybe veszi az Adatfeldolgoz\u00f3 Google Analytics nev\u0171 szolg\u00e1ltat\u00e1s\u00e1t, amely abban seg\u00edt, hogy mind az Adatkezel\u0151, mind pedig az Adatfeldolgoz\u00f3 pontosabb k\u00e9pet kapjanak l\u00e1togat\u00f3ik tev\u00e9kenys\u00e9geir\u0151l.<\/span><\/p><ol start=\"11\"><li><b> K\u00fcls\u0151 szolg\u00e1ltat\u00f3k<\/b><\/li><\/ol><p><span style=\"font-weight: 400;\">A Weboldal \u00fczemeltet\u00e9se sor\u00e1n az Adatkezel\u0151 k\u00fcls\u0151 szolg\u00e1ltat\u00f3kat vesz ig\u00e9nybe, amely k\u00fcls\u0151 szolg\u00e1ltat\u00f3kkal az Adatkezel\u0151 egy\u00fcttm\u0171k\u00f6dik.<\/span><span style=\"font-weight: 400;\"><br \/><\/span><span style=\"font-weight: 400;\">A K\u00fcls\u0151 szolg\u00e1ltat\u00f3k rendszereiben kezelt szem\u00e9lyes adatok tekintet\u00e9ben a k\u00fcls\u0151 szolg\u00e1ltat\u00f3k saj\u00e1t adatv\u00e9delmi szab\u00e1lyzat\u00e1ban foglaltak az ir\u00e1nyad\u00f3k. Az Adatkezel\u0151 minden t\u0151le telhet\u0151t megtesz annak \u00e9rdek\u00e9ben, hogy a k\u00fcls\u0151 szolg\u00e1ltat\u00f3 a r\u00e9sz\u00e9re tov\u00e1bb\u00edtott szem\u00e9lyes adatokat a jogszab\u00e1lyoknak megfelel\u0151n kezelje, \u00e9s azokat kiz\u00e1r\u00f3lag a Felhaszn\u00e1l\u00f3 \u00e1ltal meghat\u00e1rozott vagy a jelen t\u00e1j\u00e9koztat\u00f3ban al\u00e1bb r\u00f6gz\u00edtett c\u00e9lra haszn\u00e1lja fel.<\/span><\/p><p><span style=\"font-weight: 400;\">Az Adatkezel\u0151 a k\u00fcls\u0151 szolg\u00e1ltat\u00f3k sz\u00e1m\u00e1ra v\u00e9gzett adattov\u00e1bb\u00edt\u00e1sr\u00f3l a jelen T\u00e1j\u00e9koztat\u00f3 keret\u00e9ben t\u00e1j\u00e9koztatja a Felhaszn\u00e1l\u00f3kat.<\/span><\/p><p><b>K\u00fcls\u0151 szolg\u00e1ltat\u00f3k:<\/b><\/p><ul><li style=\"font-weight: 400;\" aria-level=\"1\"><span style=\"font-weight: 400;\">Facebook Limited., 4 Grand Canal Square, Dublin Ireland (marketing, k\u00f6z\u00f6ss\u00e9gi kommunik\u00e1ci\u00f3, Facebook)<\/span><\/li><li style=\"font-weight: 400;\" aria-level=\"1\"><span style=\"font-weight: 400;\">Google, Mountain View, Kalifornia, Egyes\u00fclt \u00c1llamok (Google Analytics aggreg\u00e1lt adatelemz\u00e9s)<\/span><\/li><\/ul><ol start=\"12\"><li><b> Adatbiztons\u00e1g, az adatok megismer\u00e9se<\/b><\/li><\/ol><p><span style=\"font-weight: 400;\">Az Adatkezel\u0151 gondoskodik az adatok biztons\u00e1g\u00e1r\u00f3l, megteszi azokat a technikai \u00e9s szervez\u00e9si int\u00e9zked\u00e9seket \u00e9s kialak\u00edtja azokat az elj\u00e1r\u00e1si szab\u00e1lyokat, amelyek az ir\u00e1nyad\u00f3 jogszab\u00e1lyok, adat- \u00e9s titokv\u00e9delmi szab\u00e1lyok \u00e9rv\u00e9nyre juttat\u00e1s\u00e1hoz sz\u00fcks\u00e9gesek. Az Adatkezel\u0151 az adatokat megfelel\u0151 int\u00e9zked\u00e9sekkel v\u00e9di a jogosulatlan hozz\u00e1f\u00e9r\u00e9s, megv\u00e1ltoztat\u00e1s, tov\u00e1bb\u00edt\u00e1s, nyilv\u00e1noss\u00e1gra hozatal, t\u00f6rl\u00e9s vagy megsemmis\u00edt\u00e9s, valamint a v\u00e9letlen megsemmis\u00fcl\u00e9s \u00e9s s\u00e9r\u00fcl\u00e9s, tov\u00e1bb\u00e1 az alkalmazott technika megv\u00e1ltoz\u00e1s\u00e1b\u00f3l fakad\u00f3 hozz\u00e1f\u00e9rhetetlenn\u00e9 v\u00e1l\u00e1s ellen.<\/span><span style=\"font-weight: 400;\"><br \/><\/span><span style=\"font-weight: 400;\">Az Adatkezel\u0151 az \u00e1ltala kezelt adatokat az ir\u00e1nyad\u00f3 jogszab\u00e1lyoknak megfelel\u0151en tartja nyilv\u00e1n, biztos\u00edtva, hogy az adatokat csak azok a munkav\u00e1llal\u00f3k, \u00e9s egy\u00e9b az Adatkezel\u0151 \u00e9rdekk\u00f6r\u00e9ben elj\u00e1r\u00f3 szem\u00e9lyek (adatfeldolgoz\u00f3k) ismerhess\u00e9k meg, akiknek erre munkak\u00f6r\u00fck, feladatuk ell\u00e1t\u00e1sa \u00e9rdek\u00e9ben sz\u00fcks\u00e9g\u00fck van. Az adatokat a munkav\u00e1llal\u00f3 szervezet\u00e9n bel\u00fcl csak napl\u00f3z\u00e1s mellett lehet megismerni. Az adatkezel\u0151 munkav\u00e1llal\u00f3i egyedi keres\u00e9seket, az adatokon egyedi m\u0171veleteket csak a Felhaszn\u00e1l\u00f3 k\u00e9r\u00e9s\u00e9re v\u00e9geznek, vagy abban az esetben, ha ez a szolg\u00e1ltat\u00e1s ny\u00fajt\u00e1sa \u00e9rdek\u00e9ben sz\u00fcks\u00e9ges.<\/span><\/p><ol start=\"13\"><li><b> Az adatkezel\u00e9s id\u0151tartama<\/b><\/li><\/ol><p><span style=\"font-weight: 400;\">Az Adatkezel\u0151 a szem\u00e9lyes adatot t\u00f6rli, ha<\/span><\/p><ul><li style=\"font-weight: 400;\" aria-level=\"1\"><span style=\"font-weight: 400;\">kezel\u00e9se jogellenes: Amennyiben kider\u00fcl, hogy az adatok kezel\u00e9se jogellenesen t\u00f6rt\u00e9nik, az Adatkezel\u0151 a t\u00f6rl\u00e9st halad\u00e9ktalanul v\u00e9grehajtja.<\/span><\/li><li style=\"font-weight: 400;\" aria-level=\"1\"><span style=\"font-weight: 400;\">az \u00e9rintett k\u00e9ri (a jogszab\u00e1lyon alapul\u00f3 adatkezel\u00e9sek kiv\u00e9tel\u00e9vel): Az \u00e9rintett \u00f6nk\u00e9ntes hozz\u00e1j\u00e1rul\u00e1sa alapj\u00e1n kezelt adatok t\u00f6rl\u00e9s\u00e9t az \u00e9rintett k\u00e9rheti. Ez esetben az Adatkezel\u0151 az adatokat t\u00f6rli.<\/span><\/li><li style=\"font-weight: 400;\" aria-level=\"1\"><span style=\"font-weight: 400;\">az adat hi\u00e1nyos vagy t\u00e9ves \u2013 \u00e9s ez az \u00e1llapot jogszer\u0171en nem orvosolhat\u00f3 \u2013, felt\u00e9ve, hogy a t\u00f6rl\u00e9st t\u00f6rv\u00e9ny nem z\u00e1rja ki.<\/span><\/li><li style=\"font-weight: 400;\" aria-level=\"1\"><span style=\"font-weight: 400;\">az adatkezel\u00e9s c\u00e9lja megsz\u0171nt, vagy az adatok t\u00e1rol\u00e1s\u00e1nak t\u00f6rv\u00e9nyben meghat\u00e1rozott hat\u00e1rideje lej\u00e1rt. Mivel az \u00e9rintett r\u00e9sz\u00e9re az Adatkezel\u0151 folyamatos szolg\u00e1ltat\u00e1st ny\u00fajt, a felek kapcsolata id\u0151hat\u00e1rhoz nem k\u00f6t\u00f6tt. Mindezek alapj\u00e1n \u2013 az \u00e9rintett k\u00e9r\u00e9s\u00e9nek hi\u00e1ny\u00e1ban \u2013 az Adatkezel\u0151 mindaddig kezeli az adatokat, amig az Adatkezel\u0151 \u00e9s az \u00e9rintett k\u00f6z\u00f6tti kapcsolat fenn\u00e1ll, \u00e9s ameddig az adatkezel\u0151 az \u00e9rintett sz\u00e1m\u00e1ra szolg\u00e1ltat\u00e1st ny\u00fajthat. Minden egy\u00e9b adatot az Adatkezel\u0151 t\u00f6r\u00f6l, ha nyilv\u00e1nval\u00f3, hogy az adatok felhaszn\u00e1l\u00e1s\u00e1ra a j\u00f6v\u0151ben nem ker\u00fcl sor, vagyis az adatkezel\u00e9s c\u00e9lja megsz\u0171nt.<\/span><\/li><li style=\"font-weight: 400;\" aria-level=\"1\"><span style=\"font-weight: 400;\">azt a b\u00edr\u00f3s\u00e1g vagy a Nemzeti Adatv\u00e9delmi \u00e9s Inform\u00e1ci\u00f3szabads\u00e1g Hat\u00f3s\u00e1g elrendelte: Amennyiben b\u00edr\u00f3s\u00e1g vagy a Nemzeti Adatv\u00e9delmi \u00e9s Inform\u00e1ci\u00f3szabads\u00e1g joger\u0151sen elrendeli az adatok t\u00f6rl\u00e9s\u00e9t, a t\u00f6rl\u00e9st az Adatkezel\u0151 v\u00e9grehajtja. T\u00f6rl\u00e9s helyett az Adatkezel\u0151 \u2013 az \u00e9rintett t\u00e1j\u00e9koztat\u00e1sa mellett \u2013 z\u00e1rolja a szem\u00e9lyes adatot, ha az \u00e9rintett ezt k\u00e9ri, vagy ha a rendelkez\u00e9s\u00e9re \u00e1ll\u00f3 inform\u00e1ci\u00f3k alapj\u00e1n felt\u00e9telezhet\u0151, hogy a t\u00f6rl\u00e9s s\u00e9rten\u00e9 az \u00e9rintett jogos \u00e9rdekeit. Az \u00edgy z\u00e1rolt szem\u00e9lyes adat kiz\u00e1r\u00f3lag addig kezelhet\u0151, ameddig fenn\u00e1ll az az adatkezel\u00e9si c\u00e9l, amely a szem\u00e9lyes adat t\u00f6rl\u00e9s\u00e9t kiz\u00e1rta. Az Adatkezel\u0151 megjel\u00f6li az \u00e1ltala kezelt szem\u00e9lyes adatot, ha az \u00e9rintett vitatja annak helyess\u00e9g\u00e9t vagy pontoss\u00e1g\u00e1t, de a vitatott szem\u00e9lyes adat helytelens\u00e9ge vagy pontatlans\u00e1ga nem \u00e1llap\u00edthat\u00f3 meg egy\u00e9rtelm\u0171en. A jogszab\u00e1ly \u00e1ltal elrendelt adatkezel\u00e9sek eset\u00e9ben az adatok t\u00f6rl\u00e9s\u00e9re a jogszab\u00e1ly rendelkez\u00e9se az ir\u00e1nyad\u00f3. A t\u00f6rl\u00e9s eset\u00e9n az Adatkezel\u0151 az adatokat szem\u00e9lyazonos\u00edt\u00e1sra alkalmatlann\u00e1 teszi. Amennyiben jogszab\u00e1ly azt el\u0151\u00edrja, az Adatkezel\u0151 a szem\u00e9lyes adatot tartalmaz\u00f3 adathordoz\u00f3t megsemmis\u00edti.<\/span><\/li><\/ul><ol start=\"14\"><li><b> \u00dcgyf\u00e9lkapcsolatok<\/b><\/li><\/ol><ul><li style=\"font-weight: 400;\" aria-level=\"1\"><span style=\"font-weight: 400;\">Amennyiben az adatkezel\u0151 szolg\u00e1ltat\u00e1saink ig\u00e9nybev\u00e9tele sor\u00e1n k\u00e9rd\u00e9s mer\u00fclne fel, esetleg probl\u00e9m\u00e1ja lenne az \u00e9rintettnek, a honlapon megadott m\u00f3dokon (telefon, e-mail, k\u00f6z\u00f6ss\u00e9gi oldalak stb.) kapcsolatba l\u00e9phet az adatkezel\u0151vel.<\/span><\/li><li style=\"font-weight: 400;\" aria-level=\"1\"><span style=\"font-weight: 400;\">Adatkezel\u0151 a be\u00e9rkezett e-maileket, \u00fczeneteket, telefonon, Facebook-on stb. megadott adatokat az \u00e9rdekl\u0151d\u0151 nev\u00e9vel \u00e9s e-mail c\u00edm\u00e9vel, valamint m\u00e1s, \u00f6nk\u00e9nt megadott szem\u00e9lyes adat\u00e1val egy\u00fctt, az adatk\u00f6zl\u00e9st\u0151l sz\u00e1m\u00edtott legfeljebb 2 \u00e9v eltelt\u00e9vel t\u00f6rli.<\/span><\/li><li style=\"font-weight: 400;\" aria-level=\"1\"><span style=\"font-weight: 400;\">E t\u00e1j\u00e9koztat\u00f3ban fel nem sorolt adatkezel\u00e9sekr\u0151l az adat felv\u00e9telekor adunk t\u00e1j\u00e9koztat\u00e1st.<\/span><\/li><li style=\"font-weight: 400;\" aria-level=\"1\"><span style=\"font-weight: 400;\">Kiv\u00e9teles hat\u00f3s\u00e1gi megkeres\u00e9sre, illet\u0151leg jogszab\u00e1ly felhatalmaz\u00e1sa alapj\u00e1n m\u00e1s szervek megkeres\u00e9se eset\u00e9n a Szolg\u00e1ltat\u00f3 k\u00f6teles t\u00e1j\u00e9koztat\u00e1s ad\u00e1s\u00e1ra, adatok k\u00f6zl\u00e9s\u00e9re, \u00e1tad\u00e1s\u00e1ra, illet\u0151leg iratok rendelkez\u00e9sre bocs\u00e1t\u00e1s\u00e1ra.<\/span><\/li><li style=\"font-weight: 400;\" aria-level=\"1\"><span style=\"font-weight: 400;\">A Szolg\u00e1ltat\u00f3 ezen esetekben a megkeres\u0151 r\u00e9sz\u00e9re \u2013 amennyiben az a pontos c\u00e9lt \u00e9s az adatok k\u00f6r\u00e9t megjel\u00f6lte \u2013 szem\u00e9lyes adatot csak annyit \u00e9s olyan m\u00e9rt\u00e9kben ad ki, amely a megkeres\u00e9s c\u00e9lj\u00e1nak megval\u00f3s\u00edt\u00e1s\u00e1hoz elengedhetetlen\u00fcl sz\u00fcks\u00e9ges.<\/span><\/li><\/ul><ol start=\"15\"><li><b> Az adatkezel\u00e9ssel kapcsolatos jogok<\/b><\/li><\/ol><p><span style=\"font-weight: 400;\">A t\u00e1j\u00e9koztat\u00e1s k\u00e9r\u00e9shez val\u00f3 jog: B\u00e1rmely szem\u00e9ly a megadott el\u00e9rhet\u0151s\u00e9geken kereszt\u00fcl t\u00e1j\u00e9koztat\u00e1st k\u00e9rhet arr\u00f3l, hogy a szervezet milyen adatait, milyen jogalapon, milyen adatkezel\u00e9si c\u00e9l miatt, milyen forr\u00e1sb\u00f3l, mennyi ideig kezeli. A k\u00e9relm\u00e9re halad\u00e9ktalanul, de legfeljebb 30 napon bel\u00fcl, a megadott el\u00e9rhet\u0151s\u00e9gre t\u00e1j\u00e9koztat\u00e1st kell k\u00fcldeni.<\/span><span style=\"font-weight: 400;\"><br \/><\/span><span style=\"font-weight: 400;\">A helyesb\u00edt\u00e9shez val\u00f3 jog: B\u00e1rmely szem\u00e9ly a megadott el\u00e9rhet\u0151s\u00e9geken kereszt\u00fcl k\u00e9rheti b\u00e1rmely adat\u00e1nak m\u00f3dos\u00edt\u00e1s\u00e1t. Err\u0151l k\u00e9relm\u00e9re halad\u00e9ktalanul, de legfeljebb 30 napon bel\u00fcl int\u00e9zkedni kell \u00e9s a megadott el\u00e9rhet\u0151s\u00e9gre t\u00e1j\u00e9koztat\u00e1st kell k\u00fcldeni.<\/span><span style=\"font-weight: 400;\"><br \/><\/span><span style=\"font-weight: 400;\">A t\u00f6rl\u00e9shez val\u00f3 jog: B\u00e1rmely szem\u00e9ly a megadott el\u00e9rhet\u0151s\u00e9geken kereszt\u00fcl k\u00e9rheti adat\u00e1nak t\u00f6rl\u00e9s\u00e9t. K\u00e9relm\u00e9re ezt halad\u00e9ktalanul, de legfeljebb 30 napon bel\u00fcl meg kell tenni \u00e9s a megadott el\u00e9rhet\u0151s\u00e9gre t\u00e1j\u00e9koztat\u00e1st kell k\u00fcldeni.<\/span><span style=\"font-weight: 400;\"><br \/><\/span><span style=\"font-weight: 400;\">Azok az adatok, amelyeket jogi, t\u00f6rv\u00e9nyi vagy szerz\u0151d\u00e9sbeli k\u00f6telezetts\u00e9gb\u0151l kell t\u00e1rolnunk a kereskedelmi nyilv\u00e1ntart\u00e1s meg\u0151rz\u00e9s\u00e9hez, t\u00f6rl\u00e9s helyett z\u00e1rol\u00e1sra ker\u00fclnek, hogy megakad\u00e1lyozzuk m\u00e1s c\u00e9lra val\u00f3 felhaszn\u00e1l\u00e1sukat.<\/span><span style=\"font-weight: 400;\"><br \/><\/span><span style=\"font-weight: 400;\">A z\u00e1rol\u00e1shoz, korl\u00e1toz\u00e1shoz val\u00f3 jog: B\u00e1rmely szem\u00e9ly a megadott el\u00e9rhet\u0151s\u00e9geken kereszt\u00fcl k\u00e9rheti adat\u00e1nak z\u00e1rol\u00e1s\u00e1t. A z\u00e1rol\u00e1s addig tart, am\u00edg a megjel\u00f6lt indok sz\u00fcks\u00e9gess\u00e9 teszi az adatok t\u00e1rol\u00e1s\u00e1t. A k\u00e9relemre ezt halad\u00e9ktalanul, de legfeljebb 30 napon bel\u00fcl meg kell tenni \u00e9s a megadott el\u00e9rhet\u0151s\u00e9gre t\u00e1j\u00e9koztat\u00e1st kell k\u00fcldeni.<\/span><span style=\"font-weight: 400;\"><br \/><\/span><span style=\"font-weight: 400;\">A tiltakoz\u00e1shoz val\u00f3 jog: B\u00e1rmely szem\u00e9ly a megadott el\u00e9rhet\u0151s\u00e9geken kereszt\u00fcl tiltakozhat az adatkezel\u00e9s ellen. A tiltakoz\u00e1st a k\u00e9relem beny\u00fajt\u00e1s\u00e1t\u00f3l sz\u00e1m\u00edtott legr\u00f6videbb id\u0151n bel\u00fcl, de legfeljebb 15 napon bel\u00fcl meg kell vizsg\u00e1lni, annak megalapozotts\u00e1ga k\u00e9rd\u00e9s\u00e9ben d\u00f6nt\u00e9st kell hozni \u00e9s a d\u00f6nt\u00e9sr\u0151l a megadott el\u00e9rhet\u0151s\u00e9gre t\u00e1j\u00e9koztat\u00e1st kell k\u00fcldeni.<\/span><\/p><ol start=\"16\"><li><b> Az adatkezel\u00e9ssel kapcsolatos jog\u00e9rv\u00e9nyes\u00edt\u00e9si lehet\u0151s\u00e9g<\/b><\/li><\/ol><p><b>Nemzeti Adatv\u00e9delmi \u00e9s Inform\u00e1ci\u00f3szabads\u00e1g Hat\u00f3s\u00e1g<\/b><span style=\"font-weight: 400;\"><br \/><\/span><span style=\"font-weight: 400;\">Postac\u00edm: 1530 Budapest, Pf.: 5.<\/span><span style=\"font-weight: 400;\"><br \/><\/span><span style=\"font-weight: 400;\">C\u00edm: 1125 Budapest, Szil\u00e1gyi Erzs\u00e9bet fasor 22\/c<\/span><span style=\"font-weight: 400;\"><br \/><\/span><span style=\"font-weight: 400;\">Telefon: +36 (1) 391-1400<\/span><span style=\"font-weight: 400;\"><br \/><\/span><span style=\"font-weight: 400;\">Fax: +36 (1) 391-1410<\/span><span style=\"font-weight: 400;\"><br \/><\/span><span style=\"font-weight: 400;\">E-mail: ugyfelszolgalat (kukac) naih.hu<\/span><span style=\"font-weight: 400;\"><br \/><\/span><span style=\"font-weight: 400;\">Web: https:\/\/naih.hu<\/span><\/p><p><span style=\"font-weight: 400;\">Kelt: 2020.04.15.<\/span><\/p>\t\t\t\t\t\t<\/div>\n\t\t\t\t<\/div>\n\t\t\t\t\t<\/div>\n\t\t<\/div>\n\t\t\t\t\t\t\t<\/div>\n\t\t<\/section>\n\t\t\t\t\t\t\t<\/div>","protected":false},"excerpt":{"rendered":"<p>Adatkezel\u00e9si t\u00e1j\u00e9koztat\u00f3 Az Adatkezel\u00e9si t\u00e1j\u00e9koztat\u00f3 c\u00e9lja, hat\u00e1lya, ir\u00e1nyad\u00f3 jogszab\u00e1lyok Jelen t\u00e1j\u00e9koztat\u00f3 c\u00e9lja, hogy r\u00f6gz\u00edtse Hotelbox Hungary Kft. \u00e1ltal alkalmazott adatv\u00e9delmi \u00e9s adatkezel\u00e9si elveket, a szervezet adatv\u00e9delmi \u00e9s adatkezel\u00e9si politik\u00e1j\u00e1t, amelyet a szervezet, mint adatkezel\u0151 mag\u00e1ra n\u00e9zve k\u00f6telez\u0151 er\u0151vel ismer el. A T\u00e1j\u00e9koztat\u00f3 rendelkez\u00e9seinek kialak\u00edt\u00e1sakor a szervezet k\u00fcl\u00f6n\u00f6s tekintettel vette figyelembe az Eur\u00f3pai Parlament \u00e9s a [&hellip;]<\/p>\n","protected":false},"author":1,"featured_media":0,"parent":0,"menu_order":0,"comment_status":"closed","ping_status":"open","template":"","meta":{"footnotes":""},"class_list":["post-3","page","type-page","status-publish","hentry"],"yoast_head":"<!-- This site is optimized with the Yoast SEO Premium plugin v15.2.1 - https:\/\/yoast.com\/wordpress\/plugins\/seo\/ -->\n<title>Adatkezel\u00e9si t\u00e1j\u00e9koztat\u00f3 | Bestcover<\/title>\n<meta name=\"robots\" content=\"noindex, follow\" \/>\n<meta property=\"og:locale\" content=\"en_GB\" \/>\n<meta property=\"og:type\" content=\"article\" \/>\n<meta property=\"og:title\" content=\"Adatkezel\u00e9si t\u00e1j\u00e9koztat\u00f3 | Bestcover\" \/>\n<meta property=\"og:description\" content=\"Adatkezel\u00e9si t\u00e1j\u00e9koztat\u00f3 Az Adatkezel\u00e9si t\u00e1j\u00e9koztat\u00f3 c\u00e9lja, hat\u00e1lya, ir\u00e1nyad\u00f3 jogszab\u00e1lyok Jelen t\u00e1j\u00e9koztat\u00f3 c\u00e9lja, hogy r\u00f6gz\u00edtse Hotelbox Hungary Kft. \u00e1ltal alkalmazott adatv\u00e9delmi \u00e9s adatkezel\u00e9si elveket, a szervezet adatv\u00e9delmi \u00e9s adatkezel\u00e9si politik\u00e1j\u00e1t, amelyet a szervezet, mint adatkezel\u0151 mag\u00e1ra n\u00e9zve k\u00f6telez\u0151 er\u0151vel ismer el. A T\u00e1j\u00e9koztat\u00f3 rendelkez\u00e9seinek kialak\u00edt\u00e1sakor a szervezet k\u00fcl\u00f6n\u00f6s tekintettel vette figyelembe az Eur\u00f3pai Parlament \u00e9s a [&hellip;]\" \/>\n<meta property=\"og:url\" content=\"https:\/\/bestcover.hu\/en\/adatkezelesi-tajekoztato\/\" \/>\n<meta property=\"og:site_name\" content=\"Bestcover\" \/>\n<meta property=\"article:publisher\" content=\"https:\/\/www.facebook.com\/bestcoverinsurance\" \/>\n<meta property=\"article:modified_time\" content=\"2023-01-25T09:38:47+00:00\" \/>\n<meta name=\"twitter:card\" content=\"summary_large_image\" \/>\n<meta name=\"twitter:label1\" content=\"Written by\">\n\t<meta name=\"twitter:data1\" content=\"bestcoverdev\">\n\t<meta name=\"twitter:label2\" content=\"Estimated reading time\">\n\t<meta name=\"twitter:data2\" content=\"18 minutes\">\n<script type=\"application\/ld+json\" class=\"yoast-schema-graph\">{\"@context\":\"https:\/\/schema.org\",\"@graph\":[{\"@type\":\"Organization\",\"@id\":\"https:\/\/bestcover.hu\/#organization\",\"name\":\"Best Cover\",\"url\":\"https:\/\/bestcover.hu\/\",\"sameAs\":[\"https:\/\/www.facebook.com\/bestcoverinsurance\",\"https:\/\/www.instagram.com\/bestcoverinsurance\/\",\"https:\/\/www.linkedin.com\/company\/bestcover-hungary\",\"https:\/\/www.youtube.com\/@BestcoverHungary\"],\"logo\":{\"@type\":\"ImageObject\",\"@id\":\"https:\/\/bestcover.hu\/#logo\",\"inLanguage\":\"en-GB\",\"url\":\"https:\/\/bestcover.hu\/wp-content\/uploads\/2023\/01\/logo_bc.png\",\"width\":1063,\"height\":600,\"caption\":\"Best Cover\"},\"image\":{\"@id\":\"https:\/\/bestcover.hu\/#logo\"}},{\"@type\":\"WebSite\",\"@id\":\"https:\/\/bestcover.hu\/#website\",\"url\":\"https:\/\/bestcover.hu\/\",\"name\":\"Best cover\",\"description\":\"Teljesk\\u00f6r\\u0171 biztos\\u00edt\\u00e1si szolg\\u00e1ltat\\u00e1sok\",\"publisher\":{\"@id\":\"https:\/\/bestcover.hu\/#organization\"},\"potentialAction\":[{\"@type\":\"SearchAction\",\"target\":\"https:\/\/bestcover.hu\/?s={search_term_string}\",\"query-input\":\"required name=search_term_string\"}],\"inLanguage\":\"en-GB\"},{\"@type\":\"WebPage\",\"@id\":\"https:\/\/bestcover.hu\/adatkezelesi-tajekoztato\/#webpage\",\"url\":\"https:\/\/bestcover.hu\/adatkezelesi-tajekoztato\/\",\"name\":\"Adatkezel\\u00e9si t\\u00e1j\\u00e9koztat\\u00f3 | Bestcover\",\"isPartOf\":{\"@id\":\"https:\/\/bestcover.hu\/#website\"},\"datePublished\":\"2022-11-22T08:57:26+00:00\",\"dateModified\":\"2023-01-25T09:38:47+00:00\",\"inLanguage\":\"en-GB\",\"potentialAction\":[{\"@type\":\"ReadAction\",\"target\":[\"https:\/\/bestcover.hu\/adatkezelesi-tajekoztato\/\"]}]}]}<\/script>\n<!-- \/ Yoast SEO Premium plugin. -->","_links":{"self":[{"href":"https:\/\/bestcover.hu\/en\/wp-json\/wp\/v2\/pages\/3","targetHints":{"allow":["GET"]}}],"collection":[{"href":"https:\/\/bestcover.hu\/en\/wp-json\/wp\/v2\/pages"}],"about":[{"href":"https:\/\/bestcover.hu\/en\/wp-json\/wp\/v2\/types\/page"}],"author":[{"embeddable":true,"href":"https:\/\/bestcover.hu\/en\/wp-json\/wp\/v2\/users\/1"}],"replies":[{"embeddable":true,"href":"https:\/\/bestcover.hu\/en\/wp-json\/wp\/v2\/comments?post=3"}],"version-history":[{"count":4,"href":"https:\/\/bestcover.hu\/en\/wp-json\/wp\/v2\/pages\/3\/revisions"}],"predecessor-version":[{"id":1126,"href":"https:\/\/bestcover.hu\/en\/wp-json\/wp\/v2\/pages\/3\/revisions\/1126"}],"wp:attachment":[{"href":"https:\/\/bestcover.hu\/en\/wp-json\/wp\/v2\/media?parent=3"}],"curies":[{"name":"wp","href":"https:\/\/api.w.org\/{rel}","templated":true}]}}